{"id":1077,"date":"2013-01-05T20:14:08","date_gmt":"2013-01-05T19:14:08","guid":{"rendered":"http:\/\/dominique.sciamma.com\/?page_id=1077"},"modified":"2017-06-25T11:42:15","modified_gmt":"2017-06-25T10:42:15","slug":"societe-et-numerique","status":"publish","type":"page","link":"https:\/\/dominique.sciamma.com\/?page_id=1077","title":{"rendered":"Soci\u00e9t\u00e9 et Num\u00e9rique"},"content":{"rendered":"<p><strong>D\u00e8s 1980<\/strong>, ma Ma\u00eetrise d&rsquo;informatique en poche, je sais que <strong>l&rsquo;informatique est l&rsquo;outil qui va changer le monde<\/strong> dans toutes ses dimensions, et qu&rsquo;elle est donc un <strong>levier politique<\/strong>.<\/p>\n<p>Je sais aussi, d\u00e9j\u00e0, que la <strong>cr\u00e9ativit\u00e9<\/strong> et <strong>l&rsquo;intelligence<\/strong> sont les seules forces \u00e0 partir desquelles un monde nouveau peut surgir, &#8211; mieux, doit surgir &#8211; en r\u00e9ponse \u00e0 la complexit\u00e9 croissante de notre soci\u00e9t\u00e9, de notre monde.<\/p>\n<p>En Rocardien coh\u00e9rent, je <strong>crois en l&rsquo;intelligence des gens<\/strong>, en leur capacit\u00e9 \u00e0 se saisir des probl\u00e8mes et \u00e0 les r\u00e9soudre. Je sais donc qu&rsquo;un nouvelle forme d&rsquo;organisation humaine, et des <strong>pouvoirs<\/strong>, doit se mettre en place, et que les TIC sont le moyen de le faire.<\/p>\n<hr \/>\n<h1>In \u00ab\u00a0IT\u00a0\u00bb, \u00ab\u00a0I\u00a0\u00bb Stands for \u00ab\u00a0Intelligence\u00a0\u00bb<\/h1>\n<p>Vivant alors a <strong>Singapour<\/strong>, j&rsquo;ai l&rsquo;occasion, <a title=\"In I.T., \u00ab I \u00bb Stands for Intelligence\" href=\"http:\/\/dominique.sciamma.com\/?p=1367\" target=\"_blank\"><strong>en novembre 1990<\/strong> <strong>de<\/strong> <strong>mettre sur le papier cette vision<\/strong><\/a> \u00e0 l&rsquo;occasion d&rsquo;un Colloque organis\u00e9 au <strong>Japon (\u00e0 Kyoto) <\/strong>sur le th\u00e8me<strong> \u00ab\u00a0Harmonie entre Technologie et Culture\u00a0\u00bb.<\/strong> J&rsquo;\u00e9cris \u00a0donc un article dont le titre est \u00ab\u00a0<strong>In IT, &lsquo;I&rsquo; Stands for Intelligence<\/strong>\u00a0\u00bb (\u00ab\u00a0le I de IT est le I de Intelligence\u00a0\u00bb).<\/p>\n<p>Je crois pouvoir dire qu&rsquo;il anticipe sur de nombreuses \u00e9volutions des usages num\u00e9riques et de la place pr\u00e9pond\u00e9rante que le num\u00e9rique prendra dans la vie des gens, de leur n\u00e9cessaire implication.<\/p>\n<p><strong><a title=\"In I.T., \u00ab I \u00bb Stands for Intelligence\" href=\"http:\/\/dominique.sciamma.com\/?p=1367\" target=\"_blank\">Vous pouvez lire ici ce papier.<\/a><\/strong><\/p>\n<hr \/>\n<h1>La V\u00e9ritable Histoire d&rsquo;Alexandre Pierre Meilleur<\/h1>\n<p>Je mettrais aussi cette vision en sc\u00e8ne en 1999 dans une <strong>Bande Dessin\u00e9e<\/strong> imagin\u00e9e pour <strong>l&rsquo;APM<\/strong> (Association pour le Progr\u00e8s du Management) &#8211; \u00ab\u00a0<a title=\"La BD Alexandre Pierre Meilleur\" href=\"http:\/\/dominique.sciamma.com\/?page_id=356\"><em><strong>La V\u00e9ritable Histoire d&rsquo;Alexandre Pierre Meilleur, Entrepreneur du XX\u00e8me si\u00e8cle<\/strong><\/em><\/a>\u00ab\u00a0.<\/p>\n<p>J&rsquo;y imagine et illustre le prochain roman de Jules Verne, cens\u00e9 se passer en 1999, et o\u00f9 l&rsquo;entrepreneur est le h\u00e9ros du si\u00e8cle qui vient.<\/p>\n<p><a href=\"http:\/\/dominique.sciamma.com\/wp-content\/uploads\/2013\/01\/apm-0030.jpg\"><img loading=\"lazy\" decoding=\"async\" class=\"alignnone size-full wp-image-1110\" alt=\"apm-0030\" src=\"http:\/\/dominique.sciamma.com\/wp-content\/uploads\/2013\/01\/apm-0030.jpg\" width=\"531\" height=\"308\" srcset=\"https:\/\/dominique.sciamma.com\/wp-content\/uploads\/2013\/01\/apm-0030.jpg 531w, https:\/\/dominique.sciamma.com\/wp-content\/uploads\/2013\/01\/apm-0030-300x174.jpg 300w, https:\/\/dominique.sciamma.com\/wp-content\/uploads\/2013\/01\/apm-0030-500x290.jpg 500w\" sizes=\"(max-width: 531px) 100vw, 531px\" \/><\/a><\/p>\n<p><strong><a title=\"La BD Alexandre Pierre Meilleur\" href=\"http:\/\/dominique.sciamma.com\/?page_id=356\">Lire la BD ici !<\/a><\/strong><\/p>\n<hr \/>\n<h1>Pour Une politique Num\u00e9rique Commune<\/h1>\n<p><strong>En 2003<\/strong>, je cosigne un texte avec mon ami <strong>Laurent CERVONI<\/strong> dans la revue parlementaire \u00ab\u00a0<strong><em>Les Dossiers de l\u2019Ab\u00e9c\u00e9daire parlementaire<\/em><\/strong>\u00a0\u00bb un plaidoyer pour la mise en place d&rsquo;une <a title=\"Europe : Pour une politique num\u00e9rique Commune\" href=\"http:\/\/dominique.sciamma.com\/?p=1374\" target=\"_blank\"><strong>Politique Num\u00e9rique \u00a0Commune<\/strong><\/a> au niveau europ\u00e9en.<\/p>\n<p>La\u00a0conclusion\u00a0du papier \u00e9tait la suivante :<\/p>\n<blockquote><p>\u00ab\u00a0A chaque \u00e9poque ses d\u00e9fis. La Politique Agricole Commune a permis en son temps \u00e0 une Europe volontariste de remodeler et de moderniser sa fili\u00e8re agro-alimentaire. Aujourd\u2019hui, seule une \u00ab Politique Num\u00e9rique Commune \u00bb est en mesure de faire entrer l\u2019Europe dans la soci\u00e9t\u00e9 de l\u2019Intelligence, c\u2019est \u00e0 dire de lui offrir les perspectives d\u2019un d\u00e9veloppement \u00e9conomique durable &#8211; cocktail vertueux de valeur ajout\u00e9e et d\u2019emplois tr\u00e9s qualifi\u00e9s \u2013 et de consolider en le modernisant son mod\u00e8le social, o\u00f9, plus que jamais, l\u2019implication\u00a0active des citoyens est n\u00e9cessaire.\u00a0\u00bb<\/p><\/blockquote>\n<p><a title=\"Europe : Pour une politique num\u00e9rique Commune\" href=\"http:\/\/dominique.sciamma.com\/?p=1374\" target=\"_blank\"><strong>Lire ici cet article.<\/strong><br \/>\n<\/a><\/p>\n<hr \/>\n<h1>Nouveaux R\u00e9seaux, Nouveaux Pouvoirs : Pour une D\u00e9mocratie Renouvel\u00e9e<\/h1>\n<p><strong>En 2005<\/strong>, alors au <a title=\"Passage au PS\" href=\"http:\/\/dominique.sciamma.com\/?page_id=50\"><strong>PS<\/strong><\/a>, j&rsquo;\u00e9cris une <a title=\"Nouveaux r\u00e9seaux, nouveaux pouvoirs : pour une D\u00e9mocratie Renouvel\u00e9e\" href=\"http:\/\/dominique.sciamma.com\/?p=1377\" target=\"_blank\"><strong>contribution pour le Congr\u00e8s du Mans<\/strong><\/a>, co-sign\u00e9 entre autres par mon camarade <strong>Laurent Cervoni<\/strong>, sur l&rsquo;impact des r\u00e9seaux et des pratiques et les cons\u00e9quences n\u00e9cessaires en terme d&rsquo;organisation politiques et de pratique du pouvoir.<\/p>\n<p>Voici ce qu&rsquo;il est dit dans l&rsquo;introduction :<\/p>\n<blockquote><p>\u00ab\u00a0De fa\u00e7on synth\u00e9tique, le mal qui ronge la soci\u00e9t\u00e9 fran\u00e7aise, et au-del\u00e0, l\u2019ensemble des soci\u00e9t\u00e9s d\u00e9velopp\u00e9es, trouve son origine dans le hiatus grandissant entre l\u2019organisation sous-jacente r\u00e9elle de ces soci\u00e9t\u00e9s et l\u2019organisation des pouvoirs qui visent \u00e0 la piloter. Les structures, les pratiques et outils, et les profils de la plupart des \u00e9lus sont format\u00e9s pour un monde qui a disparu : peu complexe, ferm\u00e9, peu \u00e9duqu\u00e9, fortement hi\u00e9rarchis\u00e9, lourdement industriel, dot\u00e9 d\u2019une importante inertie. Ils ne sont pas adapt\u00e9s au monde qui s\u2019avance : tr\u00e8s complexe, tr\u00e8s ouvert, tr\u00e8s \u00e9duqu\u00e9, bas\u00e9 sur la conception,\u00a0volatile et changeant en permanence.\u00a0\u00bb<\/p><\/blockquote>\n<p><a href=\"http:\/\/dominique.sciamma.com\/wp-content\/uploads\/2013\/01\/nouveaux-reseaux-nouveaux-pouvoirs-1.jpg\"><img loading=\"lazy\" decoding=\"async\" class=\"alignnone size-full wp-image-1111\" alt=\"nouveaux-reseaux-nouveaux-pouvoirs-1\" src=\"http:\/\/dominique.sciamma.com\/wp-content\/uploads\/2013\/01\/nouveaux-reseaux-nouveaux-pouvoirs-1.jpg\" width=\"580\" height=\"105\" srcset=\"https:\/\/dominique.sciamma.com\/wp-content\/uploads\/2013\/01\/nouveaux-reseaux-nouveaux-pouvoirs-1.jpg 580w, https:\/\/dominique.sciamma.com\/wp-content\/uploads\/2013\/01\/nouveaux-reseaux-nouveaux-pouvoirs-1-300x54.jpg 300w, https:\/\/dominique.sciamma.com\/wp-content\/uploads\/2013\/01\/nouveaux-reseaux-nouveaux-pouvoirs-1-500x90.jpg 500w\" sizes=\"(max-width: 580px) 100vw, 580px\" \/><\/a><\/p>\n<p><a title=\"Nouveaux r\u00e9seaux, nouveaux pouvoirs : pour une D\u00e9mocratie Renouvel\u00e9e\" href=\"http:\/\/dominique.sciamma.com\/?p=1377\" target=\"_blank\"><strong>Vous pouvez lire cette contribution ici.<\/strong><\/a><\/p>\n<p>&nbsp;<\/p>\n","protected":false},"excerpt":{"rendered":"<p>D\u00e8s 1980, ma Ma\u00eetrise d&rsquo;informatique en poche, je sais que l&rsquo;informatique est l&rsquo;outil qui va changer le monde dans toutes ses dimensions, et qu&rsquo;elle est donc un levier politique. Je sais aussi, d\u00e9j\u00e0, que la cr\u00e9ativit\u00e9 et l&rsquo;intelligence sont les &hellip; <a href=\"https:\/\/dominique.sciamma.com\/?page_id=1077\">Lire la suite <span class=\"meta-nav\">&rarr;<\/span><\/a><\/p>\n","protected":false},"author":1,"featured_media":0,"parent":952,"menu_order":3,"comment_status":"closed","ping_status":"open","template":"","meta":{"footnotes":""},"_links":{"self":[{"href":"https:\/\/dominique.sciamma.com\/index.php?rest_route=\/wp\/v2\/pages\/1077"}],"collection":[{"href":"https:\/\/dominique.sciamma.com\/index.php?rest_route=\/wp\/v2\/pages"}],"about":[{"href":"https:\/\/dominique.sciamma.com\/index.php?rest_route=\/wp\/v2\/types\/page"}],"author":[{"embeddable":true,"href":"https:\/\/dominique.sciamma.com\/index.php?rest_route=\/wp\/v2\/users\/1"}],"replies":[{"embeddable":true,"href":"https:\/\/dominique.sciamma.com\/index.php?rest_route=%2Fwp%2Fv2%2Fcomments&post=1077"}],"version-history":[{"count":14,"href":"https:\/\/dominique.sciamma.com\/index.php?rest_route=\/wp\/v2\/pages\/1077\/revisions"}],"predecessor-version":[{"id":1080,"href":"https:\/\/dominique.sciamma.com\/index.php?rest_route=\/wp\/v2\/pages\/1077\/revisions\/1080"}],"up":[{"embeddable":true,"href":"https:\/\/dominique.sciamma.com\/index.php?rest_route=\/wp\/v2\/pages\/952"}],"wp:attachment":[{"href":"https:\/\/dominique.sciamma.com\/index.php?rest_route=%2Fwp%2Fv2%2Fmedia&parent=1077"}],"curies":[{"name":"wp","href":"https:\/\/api.w.org\/{rel}","templated":true}]}}