{"id":47,"date":"2012-12-22T08:29:49","date_gmt":"2012-12-22T07:29:49","guid":{"rendered":"http:\/\/dominique.sciamma.com\/?page_id=47"},"modified":"2020-05-25T10:21:09","modified_gmt":"2020-05-25T09:21:09","slug":"conferences-et-cie","status":"publish","type":"page","link":"https:\/\/dominique.sciamma.com\/?page_id=47","title":{"rendered":"Conf\u00e9rences et Cie"},"content":{"rendered":"<p><strong>Mai 2020 &#8211; Les fun\u00e9railles de Descartes &#8211; Kitchen Philosophy &#8211; Sensemakers<\/strong><\/p>\n<p>En Mai 2020, je suis invit\u00e9 par Victoria Mikhailova de Sensemakers pour parler des \u00ab\u00a0fun\u00e9railles de Descartes et du \u00ab\u00a0triomphe\u00a0\u00bb esp\u00e9r\u00e9 de la pens\u00e9e d&rsquo;Edgar Morin.<\/p>\n<p><iframe loading=\"lazy\" width=\"560\" height=\"315\" src=\"https:\/\/www.youtube.com\/embed\/egIjYDWCCHw\" frameborder=\"0\" allow=\"accelerometer; autoplay; encrypted-media; gyroscope; picture-in-picture\" allowfullscreen><\/iframe><\/p>\n<p><strong>Novembre 2019 &#8211; La R\u00e9volution du design &#8211; Xerfi Canal<\/strong><\/p>\n<p>En Novembre 2019, je suis interview\u00e9 sur la chaine Xerfi Canal par Jean-Philippe Denis sur la place du design dans le cercle du pouvoir.<br \/>\nCela fait suite \u00e0 un articlee publi\u00e9 dans le magazine des grandes \u00e9coles et des universit\u00e9s intitul\u00e9 \u00ab\u00a0Une petite claque de pairs &#8211; lettre \u00e0 nos pairs\u00a0\u00bb.<\/p>\n<p><iframe loading=\"lazy\" src=\"https:\/\/www.youtube.com\/embed\/6JJ3z8ZEAug\" height=\"315\" width=\"560\" allowfullscreen=\"\" frameborder=\"0\"><\/iframe><\/p>\n<p><strong>Juin 2019 &#8211; Pas d&rsquo;IA sans design ! TALAN @ VIVATECH<\/strong><\/p>\n<p>En juin 2019, j&rsquo;interviens sur le stand de Talan dans le cadre de VIVATECH sur le th\u00e8me du design et de l&rsquo;IA. J&rsquo;y d\u00e9veloppe l&rsquo;id\u00e9e que seul le design peut \u00e9viter \u00e0 l&rsquo;IA un nouvel hiver. Et aussi qu&rsquo;une IA eeurop\u00e9enne nourrie de design, centr\u00e9e sur les gens, pouvait faire la diff\u00e9rence avec les approches chinoises ou am\u00e9ricaines.<\/p>\n<p><iframe loading=\"lazy\" src=\"https:\/\/www.youtube.com\/embed\/0bNGZnllaTg\" height=\"315\" width=\"560\" allowfullscreen=\"\" frameborder=\"0\"><\/iframe><\/p>\n<p><strong>Octobre 2018 &#8211; Interview pour le BIG @ BPIFrance<\/strong><\/p>\n<p>En octobre 2018, je donne 2 master class sur IA et Design. L\u00e0 encore, j&rsquo;y d\u00e9veloppe l&rsquo;id\u00e9e que seul le design peut \u00e9viter \u00e0 l&rsquo;IA un nouvel hiver. Et aussi qu&rsquo;une IA eeurop\u00e9enne nourrie de design, centr\u00e9e sur les gens, pouvait faire la diff\u00e9rence avec les approches chinoises ou am\u00e9ricaines.<\/p>\n<p><iframe loading=\"lazy\" src=\"https:\/\/www.youtube.com\/embed\/wXp1tdnOVs4\" height=\"315\" width=\"560\" allowfullscreen=\"\" frameborder=\"0\"><\/iframe><\/p>\n<p><strong>Octobre 2017 &#8211; Fall Enrichment program &amp;@ KAUST (Arabie Saoudite)<\/strong><\/p>\n<p>En Octobre 2017, je suis invit\u00e9 en tant que Keynote Speaker par l&rsquo;Universit\u00e9 KAUST au nord de Djeddah pour participer au \u00ab\u00a0Fall Enrichment Program\u00a0\u00bb, organis\u00e9 par Marie-Laure Boulot et Gilles Lubineau.<br \/>\nJ&rsquo;y donne aussi une longue interview sur la puissance du design.<\/p>\n<p><iframe loading=\"lazy\" src=\"https:\/\/www.youtube.com\/embed\/dlATbTX3QQ4\" height=\"315\" width=\"560\" allowfullscreen=\"\" frameborder=\"0\"><\/iframe><\/p>\n<p><iframe loading=\"lazy\" src=\"https:\/\/www.youtube.com\/embed\/UBNAGZVJ0hM\" height=\"315\" width=\"560\" allowfullscreen=\"\" frameborder=\"0\"><\/iframe><\/p>\n<p><strong>Mai 2017 &#8211; Conf\u00e9rence X-SHS<br \/>\n<\/strong><\/p>\n<p>En Mai 2017, je suis invit\u00e9 par Michel Paillet, qui anime le groupe des anciens de l&rsquo;\u00e9cole polytechnique passionn\u00e9s de SHS,\u00a0 \u00e0 venir parler de Design aux membres de cette amicale association. Ce fut tr\u00e8s int\u00e9ressant, y compris dans la r\u00e9sistance caricaturale d&rsquo;un des personnages de cette, auguste audience !<\/p>\n<p><iframe loading=\"lazy\" src=\"https:\/\/www.youtube.com\/embed\/l98ekPJReDM\" height=\"315\" width=\"560\" allowfullscreen=\"\" frameborder=\"0\"><\/iframe><\/p>\n<p><strong>Mars 2017 &#8211; MEUDX<br \/>\n<\/strong><\/p>\n<p>En Mars 2017, je participe \u00e0 la premi\u00e8re s\u00e9ri\u00e9 de conf\u00e9rence prganis\u00e9\u00e9e par la ville de Meudon. Je m&rsquo;y propose de donner les cl\u00e9s pour devenir \u00ab\u00a0le maitre du monde\u00a0\u00bb !<\/p>\n<p><iframe loading=\"lazy\" src=\"https:\/\/www.youtube.com\/embed\/SfCv8CrlPsI\" height=\"315\" width=\"560\" allowfullscreen=\"\" frameborder=\"0\"><\/iframe><\/p>\n<p><strong>La Grande Jonction 2017\u00a0 &#8211; Bordeaux<\/strong><\/p>\n<p>En Mars 2017, la Grande Jonction, a r\u00e9uni 1600 professionnels bordelais et internationaux le mercredi 8 mars au Palais des Congr\u00e8s de Bordeaux, sur les th\u00e8mes de la r\u00e9alit\u00e9 virtuelle &amp; augment\u00e9e, de l\u2019animation et du transm\u00e9dia. J&rsquo;y \u00e9tais invit\u00e9 \u00e0 donner un Keynote sur le Design.<\/p>\n<p><iframe loading=\"lazy\" src=\"https:\/\/www.youtube.com\/embed\/60p5fndDdvQ\" height=\"315\" width=\"560\" allowfullscreen=\"\" frameborder=\"0\"><\/iframe><\/p>\n<p><strong>Virtuality &#8211; Paris &#8211; le 104<br \/>\n<\/strong><\/p>\n<p>En F\u00e9vrier 2017, se tenait la premi\u00e8re session de Virtuality, premier salon d\u00e9di\u00e9 totalement \u00e0 la R\u00e9alit\u00e9 Virtuelle et la R\u00e9alit\u00e9\u00a0\u00bb Augment\u00e9e..<br \/>\nJ&rsquo;y ai donn\u00e9 un keynote sur le Th\u00e8me \u00ab\u00a0Pas d&rsquo;Immersion sans Design !\u00a0\u00bb.<\/p>\n<p><iframe loading=\"lazy\" src=\"https:\/\/www.youtube.com\/embed\/FLfutlO7qEc\" height=\"315\" width=\"560\" allowfullscreen=\"\" frameborder=\"0\"><\/iframe><\/p>\n<p><strong>Les Nouvelles Vagues &#8211; France Culture &#8211; Fins du Monde : D\u00e9passer l\u2019obsolescence programm\u00e9e des objets<br \/>\n<\/strong><\/p>\n<p>le 2 novembre 2016, je suis l&rsquo;heureux et seul invit\u00e9 de l&rsquo;\u00e9mission \u00ab\u00a0les nouvelles vagues\u00a0\u00bb, de Marie RICHEUX, dont la th\u00e9matique de la semaine est \u00ab\u00a0les fins du monde\u00a0\u00bb. La sous-th\u00e9matique du jour est : \u00ab\u00a0D\u00e9passer l\u2019obsolescence programm\u00e9e des objets\u00a0\u00bb?<\/p>\n<p><iframe loading=\"lazy\" src=\"https:\/\/www.franceculture.fr\/player\/export-reecouter?content=a315cbe6-0b30-4a9f-9da1-15e257ed6dfc\" height=\"137\" width=\"481\" frameborder=\"0\" scrolling=\"no\"><\/iframe><\/p>\n<p><strong>Intervention lors du premier anniversaire du WAI de la BNP \u00e0 Massy<br \/>\n<\/strong><\/p>\n<p>A l&rsquo;occasion de son premier anniversaire, je donne ma \u00ab\u00a0fameuse\u00a0\u00bb conf\u00e9rence sur les images et donne ensuite mon avis sur l&rsquo;initiative du WAI.<\/p>\n<p><iframe loading=\"lazy\" src=\"https:\/\/www.youtube.com\/embed\/DbeDRshTjEM\" height=\"315\" width=\"560\" allowfullscreen=\"\" frameborder=\"0\"><\/iframe><\/p>\n<p><strong>Participation au lancement de la 10 \u00e9dition de la Revue du Cube<br \/>\n<\/strong><\/p>\n<p>Le 28 juin 2016, je participe \u00e0 la web TV du Cube \u00e0 &lsquo;occasion du 10\u00e8me anniversaire du Cube, sur le th\u00e8me de la responsabilit\u00e9.<\/p>\n<p><iframe loading=\"lazy\" src=\"https:\/\/www.youtube.com\/embed\/n6M_h9HMDqg\" height=\"315\" width=\"560\" allowfullscreen=\"\" frameborder=\"0\"><\/iframe><\/p>\n<p><strong>Animation de l&rsquo;Atelier \u00ab\u00a0Design: booster de comp\u00e9titivit\u00e9 de BIG (BPI)<br \/>\n<\/strong><\/p>\n<p>En juin 2016, j&rsquo;anime l&rsquo;atelier \u00ab\u00a0Design: booster de comp\u00e9titivit\u00e9\u00a0\u00bb dans le cadre du grand \u00e9v\u00e9nement BIG organis\u00e9 par la BPI \u00e0 l&rsquo;Accor Arena de Paris.<\/p>\n<p><iframe loading=\"lazy\" src=\"\/\/www.dailymotion.com\/embed\/video\/x4ckupo\" height=\"270\" width=\"480\" allowfullscreen=\"\" frameborder=\"0\"><\/iframe><br \/>\n<a href=\"http:\/\/www.dailymotion.com\/video\/x4ckupo_echo-2-design-un-booster-de-competitivite_news\" target=\"_blank\">Echo 2 &#8211; Design, un booster de comp\u00e9titivit\u00e9<\/a> <i>par <a href=\"http:\/\/www.dailymotion.com\/BpifranceInnoGeneration\" target=\"_blank\">BpifranceInnoGeneration<\/a><\/i><\/p>\n<p><strong>Participation au rendez-vous du futur &#8211; \u00a0\u00bb L&rsquo;impact du num\u00e9rique sur l&rsquo;art \u00a0\u00bb<br \/>\n<\/strong><\/p>\n<p>En mai 2016, je dialogue sur la th\u00e9matique, l\u00a0\u00bbimpact du num\u00e9rique sur l&rsquo;Art et la Cr\u00e9ation, dans l&rsquo;\u00e9glise St Sauveur d&rsquo;Issy-les Moulineaux.<\/p>\n<p><iframe loading=\"lazy\" src=\"https:\/\/www.youtube.com\/embed\/qLoaqqXFBoA\" height=\"315\" width=\"560\" allowfullscreen=\"\" frameborder=\"0\"><\/iframe><\/p>\n<p><strong>Interview pour le Master of Science Embedded Lighting Systems<br \/>\n<\/strong><br \/>\nJanvier 2016 : interview pour la premi\u00e8re promo du MsC fond\u00e9 par l&rsquo;Estaca, l&rsquo;IOGS et Strate.<\/p>\n<p><iframe loading=\"lazy\" src=\"https:\/\/www.youtube.com\/embed\/zeQpF9B_Hw8\" height=\"315\" width=\"560\" allowfullscreen=\"\" frameborder=\"0\"><\/iframe><\/p>\n<p><strong>Le Design est un Humanisme<br \/>\n<\/strong><br \/>\nEn novembre 2015, j&rsquo;interviens lors des Mardi de l&rsquo;Innovation (Marc Giget &#8211; Club des Directeurs de l&rsquo;Innovation) organis\u00e9 \u00e0 Strate .<\/p>\n<p><iframe loading=\"lazy\" src=\"https:\/\/player.vimeo.com\/video\/142737917\" height=\"281\" width=\"500\" allowfullscreen=\"\" frameborder=\"0\"><\/iframe><\/p>\n<p><strong>Le Design au centre de la transition num\u00e9rique<\/strong><\/p>\n<p>Septembre 2015 : Interview, dans le cadre de la cha\u00eene \u00ab\u00a0MyD-Business TV\u00a0\u00bb, sur la place du design dans la transition num\u00e9rique.<\/p>\n<p><iframe loading=\"lazy\" src=\"https:\/\/www.youtube.com\/embed\/3_WtXqfgPUk\" height=\"315\" width=\"560\" allowfullscreen=\"\" frameborder=\"0\"><\/iframe><\/p>\n<p><strong>Qu&rsquo;est-ce que le \u00ab\u00a0Management by Design\u00a0\u00bb<\/strong><\/p>\n<p>Avril 2015 : Pr\u00e9sentation du MBA\/MSc \u00ab\u00a0Management by Design\u00a0\u00bb co-fond\u00e9 avec PSB Paris School of Business.<br \/>\n<iframe loading=\"lazy\" src=\"https:\/\/www.youtube.com\/embed\/FtmNwWfXPC0\" height=\"315\" width=\"560\" allowfullscreen=\"\" frameborder=\"0\"><\/iframe><\/p>\n<p><strong>Qu&rsquo;est-ce qu&rsquo;un designer ? Wikistage \u00ab\u00a0Design \u00e0 l&rsquo;\u00e9cole\u00a0\u00bb<\/strong><\/p>\n<p>En F\u00e9vrier 2015, j&rsquo;introduis, \u00e0 NUMA, une session sur le Design \u00e0 l&rsquo;\u00e9cole.<\/p>\n<p><iframe loading=\"lazy\" src=\"https:\/\/www.youtube.com\/embed\/aHg1gbuKfPE\" height=\"315\" width=\"560\" allowfullscreen=\"\" frameborder=\"0\"><\/iframe><\/p>\n<p><strong>Pourquoi penser diff\u00e9remment ? WikiStage ESCP Europe <\/strong><\/p>\n<p>En d\u00e9cembre 2013, j&rsquo;interviens sur le WikiStage organis\u00e9 \u00e0 l&rsquo;ESCP sur le th\u00e8me de la curiosit\u00e9.<\/p>\n<p><iframe loading=\"lazy\" src=\"\/\/www.youtube.com\/embed\/_2xrc3hGLHw\" height=\"315\" width=\"560\" allowfullscreen=\"\" frameborder=\"0\"><\/iframe><\/p>\n<p><strong>Pr\u00e9sentation de Strate pour DIGISCHOOL<br \/>\n<\/strong><\/p>\n<p><iframe loading=\"lazy\" src=\"https:\/\/www.youtube.com\/embed\/Jv98qNLuu8o\" height=\"315\" width=\"560\" allowfullscreen=\"\" frameborder=\"0\"><\/iframe><\/p>\n<p><strong>Design Thinking et Cr\u00e9ativit\u00e9 : La Chaine de l&rsquo;Innovation ACCENTURE<\/strong><\/p>\n<p>En Novembre 2013, je suis interview\u00e9 par Accenture\/La Chaine de l&rsquo;Innovation sur le design thinking et la cr\u00e9ativit\u00e9.<\/p>\n<p><iframe loading=\"lazy\" src=\"https:\/\/www.youtube.com\/embed\/i3dzz2SqyAM\" height=\"315\" width=\"560\" allowfullscreen=\"\" frameborder=\"0\"><\/iframe><\/p>\n<p><strong>\u00ab\u00a0Comment l\u2019Intelligence Artificielle modifie notre relation \u00e0 l&rsquo;objet\u00a0\u00bb &#8211; FLUPA UX Days &#8211; Juin 2013<\/strong><\/p>\n<p>En Juin 2013, avec mon complice Florent Aziosmanoff, co-cr\u00e9ateur du Cube, th\u00e9oricien et praticien du \u00ab\u00a0Living Art\u00a0\u00bb, nous ilustrons notre approche int\u00e9grant de l&rsquo;IA dans l&rsquo;objet et l&rsquo;oeuvre.<\/p>\n<p><iframe loading=\"lazy\" src=\"\/\/player.vimeo.com\/video\/71001002\" height=\"281\" width=\"500\" allowfullscreen=\"\" frameborder=\"0\"><\/iframe><\/p>\n<p><a href=\"http:\/\/vimeo.com\/71001002\">FLUPA UX-Day 2013 &#8211; Dominique Sciamma et Florent Aziosmanoff : \u00ab\u00a0Comment l\u2019Intelligence Artificielle&#8230;\u00a0\u00bb<\/a> from <a href=\"http:\/\/vimeo.com\/flupa\">FLUPA<\/a> on <a href=\"https:\/\/vimeo.com\">Vimeo<\/a>.<\/p>\n<p><strong>Les objets se font Internet &#8211; Paris Web &#8211; F\u00e9vrier 2013<\/strong><\/p>\n<p><iframe loading=\"lazy\" src=\"http:\/\/www.dailymotion.com\/embed\/video\/xvdyhk\" height=\"270\" width=\"480\" frameborder=\"0\"><\/iframe><br \/>\n<a href=\"http:\/\/www.dailymotion.com\/video\/xvdyhk_les-objets-se-font-internet-par-dominique-sciamma_tech\" target=\"_blank\">Les objets se font internet par Dominique Sciamma<\/a> <i>par <a href=\"http:\/\/www.dailymotion.com\/parisweb\" target=\"_blank\">parisweb<\/a><\/i><\/p>\n<p><strong>De quoi Design Interactif est-il le nom ?<\/strong><\/p>\n<p>En d\u00e9cembre 2012, j&rsquo;ouvre la premi\u00e8re \u00e9dition de Paris Designer, organis\u00e9es par Chloe Payot.<\/p>\n<p><iframe loading=\"lazy\" src=\"https:\/\/www.youtube.com\/embed\/7f6NU0hIIto\" height=\"315\" width=\"560\" allowfullscreen=\"\" frameborder=\"0\"><\/iframe><\/p>\n<p><strong>WIF &#8211; Avril 2012 &#8211; Contre les ivresses num\u00e9riques<\/strong><\/p>\n<p><iframe loading=\"lazy\" src=\"http:\/\/player.vimeo.com\/video\/61792621?title=0&amp;portrait=0\" height=\"400\" width=\"500\" allowfullscreen=\"\" frameborder=\"0\"><\/iframe><\/p>\n<p><a href=\"http:\/\/vimeo.com\/61792621\">Dominique Sciamma &#8211; Contre les ivresses num\u00e9riques<\/a> from <a href=\"http:\/\/vimeo.com\/user10030552\">wif<\/a> on <a href=\"http:\/\/vimeo.com\">Vimeo<\/a>.<\/p>\n<p><strong>Le Designer : l&rsquo;Homme du XXI\u00e8me si\u00e8cle<\/strong><\/p>\n<p>En f\u00e9vrier 2012, je suis un des intervenants de l&rsquo;\u00e9v\u00e9nement \u00ab\u00a013 Minutes\u00a0\u00bb organis\u00e9 par l&rsquo;Universit\u00e9 de Paris Diderot et Recherche en Cours.<\/p>\n<p><iframe loading=\"lazy\" src=\"http:\/\/player.vimeo.com\/video\/38367692?portrait=0&amp;color=ff9933\" height=\"281\" width=\"500\" allowfullscreen=\"\" frameborder=\"0\"><\/iframe><\/p>\n<p><a href=\"http:\/\/vimeo.com\/38367692\">Designer : l&rsquo;homme du XXI\u00e8me si\u00e8cle &#8211; Dominique Sciamma<\/a> from <a href=\"http:\/\/vimeo.com\/treizeminutes\">treize minutes<\/a> on <a href=\"http:\/\/vimeo.com\">Vimeo<\/a>.<\/p>\n<p><strong>Petit D\u00e9jeuner de la Fondation telecom : Janvier 2011 &#8211; L\u2019objet, nouvelle fronti\u00e8re du num\u00e9rique :<\/strong><\/p>\n<p><object id=\"playerWCS\" width=\"400\" height=\"225\" classid=\"clsid:d27cdb6e-ae6d-11cf-96b8-444553540000\" codebase=\"http:\/\/download.macromedia.com\/pub\/shockwave\/cabs\/flash\/swflash.cab#version=6,0,40,0\"><param name=\"allowFullScreen\" value=\"true\" \/><param name=\"allowScriptAccess\" value=\"always\" \/><param name=\"src\" value=\"http:\/\/www.webcastory.com\/v\/Hv1fv6o0nU4YF6\/institut-telecom.tv\" \/><param name=\"allowscriptaccess\" value=\"always\" \/><param name=\"allowfullscreen\" value=\"true\" \/><embed id=\"playerWCS\" width=\"400\" height=\"225\" type=\"application\/x-shockwave-flash\" src=\"http:\/\/www.webcastory.com\/v\/Hv1fv6o0nU4YF6\/institut-telecom.tv\" allowFullScreen=\"true\" allowScriptAccess=\"always\" allowscriptaccess=\"always\" allowfullscreen=\"true\" \/><\/object><\/p>\n<p><strong>TEDX Paris Universit\u00e9s &#8211; De la cr\u00e9ativit\u00e9<\/strong><\/p>\n<p>La premi\u00e8re \u00e9dition de TEDX Paris Universit\u00e9 est organis\u00e9 en octobre 2010 \u00e0 la Cit\u00e9 des Sciences et de l&rsquo;Industrie.<br \/>\nJ&rsquo;en suis un des 6 intervenants professionnels.<\/p>\n<p><iframe loading=\"lazy\" src=\"http:\/\/www.youtube.com\/embed\/eSufMEczH1Y\" height=\"315\" width=\"560\" allowfullscreen=\"\" frameborder=\"0\"><\/iframe><\/p>\n<p><strong>Le design des objets du futur et l&rsquo;informatique : MyDSItv by ACCENTURE &#8211; Mars 2011<\/strong><\/p>\n<p><iframe loading=\"lazy\" src=\"http:\/\/www.youtube.com\/embed\/UnvVVK3z7GM\" height=\"315\" width=\"420\" allowfullscreen=\"\" frameborder=\"0\"><\/iframe><\/p>\n<p><strong>Le jardin des Amours \u00e0 Innorobo 2012<\/strong><\/p>\n<p>Pr\u00e9sentation du projet \u00ab\u00a0Le jardin des Amours\u00a0\u00bb con\u00e7u avec le Cube pour le Futur en Seine 2011.<\/p>\n<p><iframe loading=\"lazy\" src=\"http:\/\/www.youtube.com\/embed\/5vbx5QkgTpY\" height=\"315\" width=\"560\" allowfullscreen=\"\" frameborder=\"0\"><\/iframe><\/p>\n<p><strong>Creative Design &#8211; 5plus Forum &#8211; Octobre 2011<\/strong><\/p>\n<p>En octobre 2011, je participe \u00e0 la premi\u00e8re session de 5PLus Forum organis\u00e9 par Serge Pilicer (PPP Agency).<\/p>\n<p><iframe loading=\"lazy\" src=\"http:\/\/www.youtube.com\/embed\/juD6icNOy9k\" height=\"315\" width=\"560\" allowfullscreen=\"\" frameborder=\"0\"><\/iframe><\/p>\n<p><strong>Un petit exercice de cr\u00e9ativit\u00e9 &#8211; &#8211; octobre 2011<\/strong><\/p>\n<p>Google nous propose de participer \u00e0 une WebTV pour les \u00e9tudants-entrepreneurs.<\/p>\n<p><iframe loading=\"lazy\" src=\"http:\/\/www.youtube.com\/embed\/hKFnJiivNQQ\" height=\"315\" width=\"560\" allowfullscreen=\"\" frameborder=\"0\"><\/iframe><\/p>\n<p><strong>La cr\u00e9ativit\u00e9 et le design au coeur de l&rsquo;entreprise &#8211; octobre 2011<\/strong><\/p>\n<p><iframe loading=\"lazy\" src=\"http:\/\/www.youtube.com\/embed\/lzkU4NJQgNk\" height=\"315\" width=\"560\" allowfullscreen=\"\" frameborder=\"0\"><\/iframe><\/p>\n<p><strong>Le design et l&rsquo;entreprise du XXI\u00e8me si\u00e8cle &#8211; octobre 2011<\/strong><\/p>\n<p><iframe loading=\"lazy\" src=\"http:\/\/www.youtube.com\/embed\/rUM6mQ3OYCE\" height=\"315\" width=\"560\" allowfullscreen=\"\" frameborder=\"0\"><\/iframe><\/p>\n<p><strong>les managers de demain face a l&rsquo;autonomisation collective<\/strong><\/p>\n<p><iframe loading=\"lazy\" src=\"http:\/\/player.vimeo.com\/video\/10130781\" height=\"375\" width=\"500\" allowfullscreen=\"\" frameborder=\"0\"><\/iframe><\/p>\n<p><a href=\"http:\/\/vimeo.com\/10130781\">PARIS 2.0. ENTREPRISE 2.0 : les managers de demain face a l&rsquo;autonomisation collective<\/a> from <a href=\"http:\/\/vimeo.com\/parisdeuxzero\">Paris 2.0<\/a> on <a href=\"http:\/\/vimeo.com\">Vimeo<\/a>.<\/p>\n<p><strong>Paris 2.0 &#8211; 2009<\/strong><\/p>\n<p>En novembre 2009, je participe \u00e0 la table ronde \u00ab\u00a0Innovation 2.0 &#8211; web 3.0: l&rsquo;internet des objets\u00a0\u00bb, afin d&rsquo;y pr\u00e9senter la vision de Strate.<\/p>\n<p><iframe loading=\"lazy\" id=\"wcsIfrmPlayer\" name=\"wcsIfrmPlayer\" src=\"http:\/\/techtoc.tv\/embed-cHo9DUfI67nLF5&amp;sp&amp;t_gid=44&amp;t_gwid=1\" height=\"620\" width=\"840\" frameborder=\"0\"><\/iframe><\/p>\n<p><iframe loading=\"lazy\" src=\"http:\/\/www.youtube.com\/embed\/wAh0rbAgt8M\" height=\"315\" width=\"420\" allowfullscreen=\"\" frameborder=\"0\"><\/iframe><\/p>\n<p><strong>Produire de l&rsquo;invention (Novembre 2009)<br \/>\n<\/strong><br \/>\nEn Novembre 2009, Fr\u00e9d\u00e9rique PAIN et Arnaud GONGUET (Alcatel Lucent Bell Labs) organisent un atelier sur le th\u00e8me \u00ab\u00a0Produire de l&rsquo;Invention\u00a0\u00bb.<br \/>\nJ&rsquo;y interviens, au c\u00f4t\u00e9 de Sophie PENE (ENSCI), Remy BOURGANEL (Orange) et Jean-Louis FRECHIN (ENSCI).<\/p>\n<p><iframe loading=\"lazy\" src=\"http:\/\/www.youtube.com\/embed\/DNLzIViza4k\" height=\"315\" width=\"420\" allowfullscreen=\"\" frameborder=\"0\"><\/iframe><\/p>\n<p><iframe loading=\"lazy\" src=\"http:\/\/www.youtube.com\/embed\/PjF8masIPNM\" height=\"315\" width=\"420\" allowfullscreen=\"\" frameborder=\"0\"><\/iframe><\/p>\n<p><strong>Intervention \u00e0 TEDX Paris Universit\u00e9 (Octobre 2010)<br \/>\n<\/strong><\/p>\n<p><iframe loading=\"lazy\" src=\"https:\/\/www.youtube.com\/embed\/eSufMEczH1Y\" height=\"315\" width=\"560\" allowfullscreen=\"\" frameborder=\"0\"><\/iframe><\/p>\n","protected":false},"excerpt":{"rendered":"<p>Mai 2020 &#8211; Les fun\u00e9railles de Descartes &#8211; Kitchen Philosophy &#8211; Sensemakers En Mai 2020, je suis invit\u00e9 par Victoria Mikhailova de Sensemakers pour parler des \u00ab\u00a0fun\u00e9railles de Descartes et du \u00ab\u00a0triomphe\u00a0\u00bb esp\u00e9r\u00e9 de la pens\u00e9e d&rsquo;Edgar Morin. Novembre 2019 &hellip; <a href=\"https:\/\/dominique.sciamma.com\/?page_id=47\">Lire la suite <span class=\"meta-nav\">&rarr;<\/span><\/a><\/p>\n","protected":false},"author":1,"featured_media":0,"parent":42,"menu_order":0,"comment_status":"closed","ping_status":"open","template":"","meta":{"footnotes":""},"_links":{"self":[{"href":"https:\/\/dominique.sciamma.com\/index.php?rest_route=\/wp\/v2\/pages\/47"}],"collection":[{"href":"https:\/\/dominique.sciamma.com\/index.php?rest_route=\/wp\/v2\/pages"}],"about":[{"href":"https:\/\/dominique.sciamma.com\/index.php?rest_route=\/wp\/v2\/types\/page"}],"author":[{"embeddable":true,"href":"https:\/\/dominique.sciamma.com\/index.php?rest_route=\/wp\/v2\/users\/1"}],"replies":[{"embeddable":true,"href":"https:\/\/dominique.sciamma.com\/index.php?rest_route=%2Fwp%2Fv2%2Fcomments&post=47"}],"version-history":[{"count":55,"href":"https:\/\/dominique.sciamma.com\/index.php?rest_route=\/wp\/v2\/pages\/47\/revisions"}],"predecessor-version":[{"id":1036,"href":"https:\/\/dominique.sciamma.com\/index.php?rest_route=\/wp\/v2\/pages\/47\/revisions\/1036"}],"up":[{"embeddable":true,"href":"https:\/\/dominique.sciamma.com\/index.php?rest_route=\/wp\/v2\/pages\/42"}],"wp:attachment":[{"href":"https:\/\/dominique.sciamma.com\/index.php?rest_route=%2Fwp%2Fv2%2Fmedia&parent=47"}],"curies":[{"name":"wp","href":"https:\/\/api.w.org\/{rel}","templated":true}]}}